{"id":2522,"date":"2016-03-10T04:44:59","date_gmt":"2016-03-10T04:44:59","guid":{"rendered":"http:\/\/www.asociacionaise.org\/?page_id=2522"},"modified":"2016-03-10T04:47:32","modified_gmt":"2016-03-10T04:47:32","slug":"voluntariado-socio-sanitario-comunitario-en-valencia","status":"publish","type":"page","link":"https:\/\/www.asociacionaise.org\/index.php\/proyectos\/voluntariado-continuado\/voluntariado-socio-sanitario-comunitario-en-valencia\/","title":{"rendered":"VOLUNTARIADO SOCIO-SANITARIO COMUNITARIO en Valencia"},"content":{"rendered":"<p style=\"text-align: justify;\"><a href=\"https:\/\/www.asociacionaise.org\/wp-content\/uploads\/2016\/03\/IMG_3051.jpg\"><img loading=\"lazy\" decoding=\"async\" class=\"size-medium wp-image-2541 alignright\" alt=\"IMG_3051\" src=\"https:\/\/www.asociacionaise.org\/wp-content\/uploads\/2016\/03\/IMG_3051-300x168.jpg\" width=\"300\" height=\"168\" srcset=\"https:\/\/www.asociacionaise.org\/wp-content\/uploads\/2016\/03\/IMG_3051-300x168.jpg 300w, https:\/\/www.asociacionaise.org\/wp-content\/uploads\/2016\/03\/IMG_3051-1024x576.jpg 1024w, https:\/\/www.asociacionaise.org\/wp-content\/uploads\/2016\/03\/IMG_3051.jpg 1600w\" sizes=\"auto, (max-width: 300px) 100vw, 300px\" \/><\/a>El Voluntariado Sanitario y Social\u00a0se lleva a cabo\u00a0en el cant\u00f3n de\u00a0Valencia, en la provinci<span style=\"color: #000000;\">a Los\u00a0R\u00edos, en la regi\u00f3n litoral<\/span><span style=\"color: #000000;\">\u00a0del pa\u00eds. La p<\/span>oblaci\u00f3n total del cant\u00f3n es de m\u00e1s de 42.000 habitantes, de la cual el 51% es poblaci\u00f3n rural.<\/p>\n<p style=\"text-align: justify;\">En relaci\u00f3n con las discapacidades de la poblaci\u00f3n, el 5,1% de los habitantes de Valencia tienen alg\u00fan tipo de discapacidad permanente, principalmente de tipo intelectual y auditiva, y en menores proporciones de tipo mental y f\u00edsico-motora.<\/p>\n<p>La educaci\u00f3n en el cant\u00f3n Valencia se caracteriza por no exceder significativamente de los niveles de instrucci\u00f3n primario (47%) y secundario (20%). En el otro extremo, est\u00e1 s\u00f3lo el 4% de la poblaci\u00f3n que tiene un nivel de ense\u00f1anza superior.<\/p>\n<p style=\"text-align: justify;\">En este lugar apoyamos la labor que ya realiza el Gobierno Aut\u00f3nomo Descentralizado Municipal de Valencia para mejorar las condiciones de salud de la poblaci\u00f3n,\u00a0ofreciendo recursos humanos mediante voluntarios enfermeras,\u00a0fisioterapeutas,\u00a0trabajadores sociales y psic\u00f3logos.<\/p>\n<p style=\"text-align: justify;\"><a href=\"https:\/\/www.asociacionaise.org\/wp-content\/uploads\/2016\/03\/IMG_3050.jpg\"><img loading=\"lazy\" decoding=\"async\" class=\"size-medium wp-image-2542 alignleft\" alt=\"IMG_3050\" src=\"https:\/\/www.asociacionaise.org\/wp-content\/uploads\/2016\/03\/IMG_3050-300x199.jpg\" width=\"300\" height=\"199\" srcset=\"https:\/\/www.asociacionaise.org\/wp-content\/uploads\/2016\/03\/IMG_3050-300x199.jpg 300w, https:\/\/www.asociacionaise.org\/wp-content\/uploads\/2016\/03\/IMG_3050.jpg 552w\" sizes=\"auto, (max-width: 300px) 100vw, 300px\" \/><\/a>Nuestro objetivo principal es mejorar la calidad de vida de los grupos m\u00e1s vulnerables del cant\u00f3n de Valencia. Concretamente nuestros objetivos son:<\/p>\n<ul style=\"text-align: justify;\">\n<li>Prevenci\u00f3n y promoci\u00f3n de la salud f\u00edsica de las poblaciones rurales y de bajos recursos econ\u00f3micos del Cant\u00f3n Valencia mediante charlas de sensibilizaci\u00f3n.<\/li>\n<li>Detecci\u00f3n, intervenci\u00f3n y seguimiento de problemas de salud agudos o cr\u00f3nicos de las comunidades rurales de\u00a0 Valencia.<\/li>\n<li>Formaci\u00f3n y capacitaci\u00f3n del personal ecuatoriano de las zonas rurales del Cant\u00f3n Valencia<\/li>\n<\/ul>\n<p style=\"text-align: justify;\">Actualmente los voluntarios que est\u00e1n en el cant\u00f3n est\u00e1n trabajando para\u00a0crear una casa de acogida para ni\u00f1os abandonados y una asociaci\u00f3n de personas con discapacidad.<\/p>\n","protected":false},"excerpt":{"rendered":"<p>El Voluntariado Sanitario y Social\u00a0se lleva a cabo\u00a0en el cant\u00f3n de\u00a0Valencia, en la provincia Los\u00a0R\u00edos, en la regi\u00f3n litoral\u00a0del pa\u00eds. La poblaci\u00f3n total del cant\u00f3n es de m\u00e1s de 42.000 habitantes, de la cual el 51% es poblaci\u00f3n rural. En relaci\u00f3n con las discapacidades de la poblaci\u00f3n, el 5,1% de los habitantes de Valencia tienen [&hellip;]<\/p>\n","protected":false},"author":5,"featured_media":0,"parent":284,"menu_order":4,"comment_status":"closed","ping_status":"closed","template":"","meta":{"footnotes":""},"class_list":["post-2522","page","type-page","status-publish","hentry"],"yoast_head":"<!-- This site is optimized with the Yoast SEO plugin v24.9 - https:\/\/yoast.com\/wordpress\/plugins\/seo\/ -->\n<title>VOLUNTARIADO SOCIO-SANITARIO COMUNITARIO en Valencia - AISE<\/title>\n<meta name=\"robots\" content=\"index, follow, max-snippet:-1, max-image-preview:large, max-video-preview:-1\" \/>\n<link rel=\"canonical\" href=\"https:\/\/www.asociacionaise.org\/index.php\/proyectos\/voluntariado-continuado\/voluntariado-socio-sanitario-comunitario-en-valencia\/\" \/>\n<meta property=\"og:locale\" content=\"es_ES\" \/>\n<meta property=\"og:type\" content=\"article\" \/>\n<meta property=\"og:title\" content=\"VOLUNTARIADO SOCIO-SANITARIO COMUNITARIO en Valencia - AISE\" \/>\n<meta property=\"og:description\" content=\"El Voluntariado Sanitario y Social\u00a0se lleva a cabo\u00a0en el cant\u00f3n de\u00a0Valencia, en la provincia Los\u00a0R\u00edos, en la regi\u00f3n litoral\u00a0del pa\u00eds. La poblaci\u00f3n total del cant\u00f3n es de m\u00e1s de 42.000 habitantes, de la cual el 51% es poblaci\u00f3n rural. En relaci\u00f3n con las discapacidades de la poblaci\u00f3n, el 5,1% de los habitantes de Valencia tienen [&hellip;]\" \/>\n<meta property=\"og:url\" content=\"https:\/\/www.asociacionaise.org\/index.php\/proyectos\/voluntariado-continuado\/voluntariado-socio-sanitario-comunitario-en-valencia\/\" \/>\n<meta property=\"og:site_name\" content=\"AISE\" \/>\n<meta property=\"article:publisher\" content=\"https:\/\/www.facebook.com\/AISEOrg\/\" \/>\n<meta property=\"article:modified_time\" content=\"2016-03-10T04:47:32+00:00\" \/>\n<meta property=\"og:image\" content=\"http:\/\/www.asociacionaise.org\/wp-content\/uploads\/2016\/03\/IMG_3051-300x168.jpg\" \/>\n<meta name=\"twitter:card\" content=\"summary_large_image\" \/>\n<meta name=\"twitter:site\" content=\"@ASOCIACIONAISE\" \/>\n<meta name=\"twitter:label1\" content=\"Tiempo de lectura\" \/>\n\t<meta name=\"twitter:data1\" content=\"1 minuto\" \/>\n<script type=\"application\/ld+json\" class=\"yoast-schema-graph\">{\"@context\":\"https:\/\/schema.org\",\"@graph\":[{\"@type\":\"WebPage\",\"@id\":\"https:\/\/www.asociacionaise.org\/index.php\/proyectos\/voluntariado-continuado\/voluntariado-socio-sanitario-comunitario-en-valencia\/\",\"url\":\"https:\/\/www.asociacionaise.org\/index.php\/proyectos\/voluntariado-continuado\/voluntariado-socio-sanitario-comunitario-en-valencia\/\",\"name\":\"VOLUNTARIADO SOCIO-SANITARIO COMUNITARIO en Valencia - AISE\",\"isPartOf\":{\"@id\":\"https:\/\/www.asociacionaise.org\/#website\"},\"primaryImageOfPage\":{\"@id\":\"https:\/\/www.asociacionaise.org\/index.php\/proyectos\/voluntariado-continuado\/voluntariado-socio-sanitario-comunitario-en-valencia\/#primaryimage\"},\"image\":{\"@id\":\"https:\/\/www.asociacionaise.org\/index.php\/proyectos\/voluntariado-continuado\/voluntariado-socio-sanitario-comunitario-en-valencia\/#primaryimage\"},\"thumbnailUrl\":\"http:\/\/www.asociacionaise.org\/wp-content\/uploads\/2016\/03\/IMG_3051-300x168.jpg\",\"datePublished\":\"2016-03-10T04:44:59+00:00\",\"dateModified\":\"2016-03-10T04:47:32+00:00\",\"breadcrumb\":{\"@id\":\"https:\/\/www.asociacionaise.org\/index.php\/proyectos\/voluntariado-continuado\/voluntariado-socio-sanitario-comunitario-en-valencia\/#breadcrumb\"},\"inLanguage\":\"es\",\"potentialAction\":[{\"@type\":\"ReadAction\",\"target\":[\"https:\/\/www.asociacionaise.org\/index.php\/proyectos\/voluntariado-continuado\/voluntariado-socio-sanitario-comunitario-en-valencia\/\"]}]},{\"@type\":\"ImageObject\",\"inLanguage\":\"es\",\"@id\":\"https:\/\/www.asociacionaise.org\/index.php\/proyectos\/voluntariado-continuado\/voluntariado-socio-sanitario-comunitario-en-valencia\/#primaryimage\",\"url\":\"https:\/\/www.asociacionaise.org\/wp-content\/uploads\/2016\/03\/IMG_3051.jpg\",\"contentUrl\":\"https:\/\/www.asociacionaise.org\/wp-content\/uploads\/2016\/03\/IMG_3051.jpg\",\"width\":1600,\"height\":900},{\"@type\":\"BreadcrumbList\",\"@id\":\"https:\/\/www.asociacionaise.org\/index.php\/proyectos\/voluntariado-continuado\/voluntariado-socio-sanitario-comunitario-en-valencia\/#breadcrumb\",\"itemListElement\":[{\"@type\":\"ListItem\",\"position\":1,\"name\":\"Portada\",\"item\":\"https:\/\/www.asociacionaise.org\/\"},{\"@type\":\"ListItem\",\"position\":2,\"name\":\"QU\u00c9 HACEMOS\",\"item\":\"https:\/\/www.asociacionaise.org\/index.php\/proyectos\/\"},{\"@type\":\"ListItem\",\"position\":3,\"name\":\"VOLUNTARIADO CONTINUADO\",\"item\":\"https:\/\/www.asociacionaise.org\/index.php\/proyectos\/voluntariado-continuado\/\"},{\"@type\":\"ListItem\",\"position\":4,\"name\":\"VOLUNTARIADO SOCIO-SANITARIO COMUNITARIO en Valencia\"}]},{\"@type\":\"WebSite\",\"@id\":\"https:\/\/www.asociacionaise.org\/#website\",\"url\":\"https:\/\/www.asociacionaise.org\/\",\"name\":\"AISE\",\"description\":\"Asociaci\u00f3n Internacional de Sanitarios en Espa\u00f1a\",\"publisher\":{\"@id\":\"https:\/\/www.asociacionaise.org\/#organization\"},\"potentialAction\":[{\"@type\":\"SearchAction\",\"target\":{\"@type\":\"EntryPoint\",\"urlTemplate\":\"https:\/\/www.asociacionaise.org\/?s={search_term_string}\"},\"query-input\":{\"@type\":\"PropertyValueSpecification\",\"valueRequired\":true,\"valueName\":\"search_term_string\"}}],\"inLanguage\":\"es\"},{\"@type\":\"Organization\",\"@id\":\"https:\/\/www.asociacionaise.org\/#organization\",\"name\":\"Asociacion AISE\",\"url\":\"https:\/\/www.asociacionaise.org\/\",\"logo\":{\"@type\":\"ImageObject\",\"inLanguage\":\"es\",\"@id\":\"https:\/\/www.asociacionaise.org\/#\/schema\/logo\/image\/\",\"url\":\"http:\/\/www.asociacionaise.org\/wp-content\/uploads\/2020\/02\/logo256.png\",\"contentUrl\":\"http:\/\/www.asociacionaise.org\/wp-content\/uploads\/2020\/02\/logo256.png\",\"width\":256,\"height\":256,\"caption\":\"Asociacion AISE\"},\"image\":{\"@id\":\"https:\/\/www.asociacionaise.org\/#\/schema\/logo\/image\/\"},\"sameAs\":[\"https:\/\/www.facebook.com\/AISEOrg\/\",\"https:\/\/x.com\/ASOCIACIONAISE\",\"https:\/\/www.instagram.com\/aise_voluntariado\/\",\"https:\/\/www.linkedin.com\/in\/asociacion-aise-64a445147\/\"]}]}<\/script>\n<!-- \/ Yoast SEO plugin. -->","yoast_head_json":{"title":"VOLUNTARIADO SOCIO-SANITARIO COMUNITARIO en Valencia - AISE","robots":{"index":"index","follow":"follow","max-snippet":"max-snippet:-1","max-image-preview":"max-image-preview:large","max-video-preview":"max-video-preview:-1"},"canonical":"https:\/\/www.asociacionaise.org\/index.php\/proyectos\/voluntariado-continuado\/voluntariado-socio-sanitario-comunitario-en-valencia\/","og_locale":"es_ES","og_type":"article","og_title":"VOLUNTARIADO SOCIO-SANITARIO COMUNITARIO en Valencia - AISE","og_description":"El Voluntariado Sanitario y Social\u00a0se lleva a cabo\u00a0en el cant\u00f3n de\u00a0Valencia, en la provincia Los\u00a0R\u00edos, en la regi\u00f3n litoral\u00a0del pa\u00eds. La poblaci\u00f3n total del cant\u00f3n es de m\u00e1s de 42.000 habitantes, de la cual el 51% es poblaci\u00f3n rural. En relaci\u00f3n con las discapacidades de la poblaci\u00f3n, el 5,1% de los habitantes de Valencia tienen [&hellip;]","og_url":"https:\/\/www.asociacionaise.org\/index.php\/proyectos\/voluntariado-continuado\/voluntariado-socio-sanitario-comunitario-en-valencia\/","og_site_name":"AISE","article_publisher":"https:\/\/www.facebook.com\/AISEOrg\/","article_modified_time":"2016-03-10T04:47:32+00:00","og_image":[{"url":"http:\/\/www.asociacionaise.org\/wp-content\/uploads\/2016\/03\/IMG_3051-300x168.jpg","type":"","width":"","height":""}],"twitter_card":"summary_large_image","twitter_site":"@ASOCIACIONAISE","twitter_misc":{"Tiempo de lectura":"1 minuto"},"schema":{"@context":"https:\/\/schema.org","@graph":[{"@type":"WebPage","@id":"https:\/\/www.asociacionaise.org\/index.php\/proyectos\/voluntariado-continuado\/voluntariado-socio-sanitario-comunitario-en-valencia\/","url":"https:\/\/www.asociacionaise.org\/index.php\/proyectos\/voluntariado-continuado\/voluntariado-socio-sanitario-comunitario-en-valencia\/","name":"VOLUNTARIADO SOCIO-SANITARIO COMUNITARIO en Valencia - AISE","isPartOf":{"@id":"https:\/\/www.asociacionaise.org\/#website"},"primaryImageOfPage":{"@id":"https:\/\/www.asociacionaise.org\/index.php\/proyectos\/voluntariado-continuado\/voluntariado-socio-sanitario-comunitario-en-valencia\/#primaryimage"},"image":{"@id":"https:\/\/www.asociacionaise.org\/index.php\/proyectos\/voluntariado-continuado\/voluntariado-socio-sanitario-comunitario-en-valencia\/#primaryimage"},"thumbnailUrl":"http:\/\/www.asociacionaise.org\/wp-content\/uploads\/2016\/03\/IMG_3051-300x168.jpg","datePublished":"2016-03-10T04:44:59+00:00","dateModified":"2016-03-10T04:47:32+00:00","breadcrumb":{"@id":"https:\/\/www.asociacionaise.org\/index.php\/proyectos\/voluntariado-continuado\/voluntariado-socio-sanitario-comunitario-en-valencia\/#breadcrumb"},"inLanguage":"es","potentialAction":[{"@type":"ReadAction","target":["https:\/\/www.asociacionaise.org\/index.php\/proyectos\/voluntariado-continuado\/voluntariado-socio-sanitario-comunitario-en-valencia\/"]}]},{"@type":"ImageObject","inLanguage":"es","@id":"https:\/\/www.asociacionaise.org\/index.php\/proyectos\/voluntariado-continuado\/voluntariado-socio-sanitario-comunitario-en-valencia\/#primaryimage","url":"https:\/\/www.asociacionaise.org\/wp-content\/uploads\/2016\/03\/IMG_3051.jpg","contentUrl":"https:\/\/www.asociacionaise.org\/wp-content\/uploads\/2016\/03\/IMG_3051.jpg","width":1600,"height":900},{"@type":"BreadcrumbList","@id":"https:\/\/www.asociacionaise.org\/index.php\/proyectos\/voluntariado-continuado\/voluntariado-socio-sanitario-comunitario-en-valencia\/#breadcrumb","itemListElement":[{"@type":"ListItem","position":1,"name":"Portada","item":"https:\/\/www.asociacionaise.org\/"},{"@type":"ListItem","position":2,"name":"QU\u00c9 HACEMOS","item":"https:\/\/www.asociacionaise.org\/index.php\/proyectos\/"},{"@type":"ListItem","position":3,"name":"VOLUNTARIADO CONTINUADO","item":"https:\/\/www.asociacionaise.org\/index.php\/proyectos\/voluntariado-continuado\/"},{"@type":"ListItem","position":4,"name":"VOLUNTARIADO SOCIO-SANITARIO COMUNITARIO en Valencia"}]},{"@type":"WebSite","@id":"https:\/\/www.asociacionaise.org\/#website","url":"https:\/\/www.asociacionaise.org\/","name":"AISE","description":"Asociaci\u00f3n Internacional de Sanitarios en Espa\u00f1a","publisher":{"@id":"https:\/\/www.asociacionaise.org\/#organization"},"potentialAction":[{"@type":"SearchAction","target":{"@type":"EntryPoint","urlTemplate":"https:\/\/www.asociacionaise.org\/?s={search_term_string}"},"query-input":{"@type":"PropertyValueSpecification","valueRequired":true,"valueName":"search_term_string"}}],"inLanguage":"es"},{"@type":"Organization","@id":"https:\/\/www.asociacionaise.org\/#organization","name":"Asociacion AISE","url":"https:\/\/www.asociacionaise.org\/","logo":{"@type":"ImageObject","inLanguage":"es","@id":"https:\/\/www.asociacionaise.org\/#\/schema\/logo\/image\/","url":"http:\/\/www.asociacionaise.org\/wp-content\/uploads\/2020\/02\/logo256.png","contentUrl":"http:\/\/www.asociacionaise.org\/wp-content\/uploads\/2020\/02\/logo256.png","width":256,"height":256,"caption":"Asociacion AISE"},"image":{"@id":"https:\/\/www.asociacionaise.org\/#\/schema\/logo\/image\/"},"sameAs":["https:\/\/www.facebook.com\/AISEOrg\/","https:\/\/x.com\/ASOCIACIONAISE","https:\/\/www.instagram.com\/aise_voluntariado\/","https:\/\/www.linkedin.com\/in\/asociacion-aise-64a445147\/"]}]}},"_links":{"self":[{"href":"https:\/\/www.asociacionaise.org\/index.php\/wp-json\/wp\/v2\/pages\/2522","targetHints":{"allow":["GET"]}}],"collection":[{"href":"https:\/\/www.asociacionaise.org\/index.php\/wp-json\/wp\/v2\/pages"}],"about":[{"href":"https:\/\/www.asociacionaise.org\/index.php\/wp-json\/wp\/v2\/types\/page"}],"author":[{"embeddable":true,"href":"https:\/\/www.asociacionaise.org\/index.php\/wp-json\/wp\/v2\/users\/5"}],"replies":[{"embeddable":true,"href":"https:\/\/www.asociacionaise.org\/index.php\/wp-json\/wp\/v2\/comments?post=2522"}],"version-history":[{"count":7,"href":"https:\/\/www.asociacionaise.org\/index.php\/wp-json\/wp\/v2\/pages\/2522\/revisions"}],"predecessor-version":[{"id":2545,"href":"https:\/\/www.asociacionaise.org\/index.php\/wp-json\/wp\/v2\/pages\/2522\/revisions\/2545"}],"up":[{"embeddable":true,"href":"https:\/\/www.asociacionaise.org\/index.php\/wp-json\/wp\/v2\/pages\/284"}],"wp:attachment":[{"href":"https:\/\/www.asociacionaise.org\/index.php\/wp-json\/wp\/v2\/media?parent=2522"}],"curies":[{"name":"wp","href":"https:\/\/api.w.org\/{rel}","templated":true}]}}