{"version":"1.0","provider_name":"AISE","provider_url":"https:\/\/www.asociacionaise.org","author_name":"Cristina Fern\u00e1ndez","author_url":"https:\/\/www.asociacionaise.org\/index.php\/author\/cristina\/","title":"\u00a1FELIZ DIA DE SANT JORDI! - AISE","type":"rich","width":600,"height":338,"html":"<blockquote class=\"wp-embedded-content\" data-secret=\"s0L5UHESy3\"><a href=\"https:\/\/www.asociacionaise.org\/index.php\/feliz-dia-de-sant-jordi\/\">\u00a1FELIZ DIA DE SANT JORDI!<\/a><\/blockquote><iframe sandbox=\"allow-scripts\" security=\"restricted\" src=\"https:\/\/www.asociacionaise.org\/index.php\/feliz-dia-de-sant-jordi\/embed\/#?secret=s0L5UHESy3\" width=\"600\" height=\"338\" title=\"\u00ab\u00a1FELIZ DIA DE SANT JORDI!\u00bb \u2014 AISE\" data-secret=\"s0L5UHESy3\" frameborder=\"0\" marginwidth=\"0\" marginheight=\"0\" scrolling=\"no\" class=\"wp-embedded-content\"><\/iframe><script type=\"text\/javascript\">\n\/* <![CDATA[ *\/\n\/*! This file is auto-generated *\/\n!function(d,l){\"use strict\";l.querySelector&&d.addEventListener&&\"undefined\"!=typeof URL&&(d.wp=d.wp||{},d.wp.receiveEmbedMessage||(d.wp.receiveEmbedMessage=function(e){var t=e.data;if((t||t.secret||t.message||t.value)&&!\/[^a-zA-Z0-9]\/.test(t.secret)){for(var s,r,n,a=l.querySelectorAll('iframe[data-secret=\"'+t.secret+'\"]'),o=l.querySelectorAll('blockquote[data-secret=\"'+t.secret+'\"]'),c=new RegExp(\"^https?:$\",\"i\"),i=0;i<o.length;i++)o[i].style.display=\"none\";for(i=0;i<a.length;i++)s=a[i],e.source===s.contentWindow&&(s.removeAttribute(\"style\"),\"height\"===t.message?(1e3<(r=parseInt(t.value,10))?r=1e3:~~r<200&&(r=200),s.height=r):\"link\"===t.message&&(r=new URL(s.getAttribute(\"src\")),n=new URL(t.value),c.test(n.protocol))&&n.host===r.host&&l.activeElement===s&&(d.top.location.href=t.value))}},d.addEventListener(\"message\",d.wp.receiveEmbedMessage,!1),l.addEventListener(\"DOMContentLoaded\",function(){for(var e,t,s=l.querySelectorAll(\"iframe.wp-embedded-content\"),r=0;r<s.length;r++)(t=(e=s[r]).getAttribute(\"data-secret\"))||(t=Math.random().toString(36).substring(2,12),e.src+=\"#?secret=\"+t,e.setAttribute(\"data-secret\",t)),e.contentWindow.postMessage({message:\"ready\",secret:t},\"*\")},!1)))}(window,document);\n\/\/# sourceURL=https:\/\/www.asociacionaise.org\/wp-includes\/js\/wp-embed.min.js\n\/* ]]> *\/\n<\/script>\n","thumbnail_url":"https:\/\/www.asociacionaise.org\/wp-content\/uploads\/2018\/04\/Presentaci\u00f3n1.jpg","thumbnail_width":960,"thumbnail_height":720,"description":"Para Catalu\u00f1a, donde tenemos la sede, hoy es un d\u00eda muy especial. Se celebra el d\u00eda de Sant Jordi, donde las rosas tienen un papel relevante. Por este motivo, durante todo el d\u00eda de hoy los alumnos del IESE Business School y AISE os esperamos en nuestra parada de rosas \u00a0delante de la Universidad en [&hellip;]"}