{"version":"1.0","provider_name":"AISE","provider_url":"https:\/\/www.asociacionaise.org","author_name":"Cristina Fern\u00e1ndez","author_url":"https:\/\/www.asociacionaise.org\/index.php\/author\/cristina\/","title":"AISE organiza la Cena de Confraternizaci\u00f3n - AISE","type":"rich","width":600,"height":338,"html":"<blockquote class=\"wp-embedded-content\" data-secret=\"qEuUFKoHvg\"><a href=\"https:\/\/www.asociacionaise.org\/index.php\/aise-organiza-la-cena-de-confraternizacion\/\">AISE organiza la Cena de Confraternizaci\u00f3n<\/a><\/blockquote><iframe sandbox=\"allow-scripts\" security=\"restricted\" src=\"https:\/\/www.asociacionaise.org\/index.php\/aise-organiza-la-cena-de-confraternizacion\/embed\/#?secret=qEuUFKoHvg\" width=\"600\" height=\"338\" title=\"\u00abAISE organiza la Cena de Confraternizaci\u00f3n\u00bb \u2014 AISE\" data-secret=\"qEuUFKoHvg\" frameborder=\"0\" marginwidth=\"0\" marginheight=\"0\" scrolling=\"no\" class=\"wp-embedded-content\"><\/iframe><script type=\"text\/javascript\">\n\/* <![CDATA[ *\/\n\/*! This file is auto-generated *\/\n!function(d,l){\"use strict\";l.querySelector&&d.addEventListener&&\"undefined\"!=typeof URL&&(d.wp=d.wp||{},d.wp.receiveEmbedMessage||(d.wp.receiveEmbedMessage=function(e){var t=e.data;if((t||t.secret||t.message||t.value)&&!\/[^a-zA-Z0-9]\/.test(t.secret)){for(var s,r,n,a=l.querySelectorAll('iframe[data-secret=\"'+t.secret+'\"]'),o=l.querySelectorAll('blockquote[data-secret=\"'+t.secret+'\"]'),c=new RegExp(\"^https?:$\",\"i\"),i=0;i<o.length;i++)o[i].style.display=\"none\";for(i=0;i<a.length;i++)s=a[i],e.source===s.contentWindow&&(s.removeAttribute(\"style\"),\"height\"===t.message?(1e3<(r=parseInt(t.value,10))?r=1e3:~~r<200&&(r=200),s.height=r):\"link\"===t.message&&(r=new URL(s.getAttribute(\"src\")),n=new URL(t.value),c.test(n.protocol))&&n.host===r.host&&l.activeElement===s&&(d.top.location.href=t.value))}},d.addEventListener(\"message\",d.wp.receiveEmbedMessage,!1),l.addEventListener(\"DOMContentLoaded\",function(){for(var e,t,s=l.querySelectorAll(\"iframe.wp-embedded-content\"),r=0;r<s.length;r++)(t=(e=s[r]).getAttribute(\"data-secret\"))||(t=Math.random().toString(36).substring(2,12),e.src+=\"#?secret=\"+t,e.setAttribute(\"data-secret\",t)),e.contentWindow.postMessage({message:\"ready\",secret:t},\"*\")},!1)))}(window,document);\n\/\/# sourceURL=https:\/\/www.asociacionaise.org\/wp-includes\/js\/wp-embed.min.js\n\/* ]]> *\/\n<\/script>\n","thumbnail_url":"https:\/\/www.asociacionaise.org\/wp-content\/uploads\/2020\/01\/cena-18css.png","thumbnail_width":1280,"thumbnail_height":953,"description":"AISE organiza una cena anual, este a\u00f1o ser\u00e1 el d\u00eda 7 de febrero con los voluntarios que participar\u00e1n en la 18\u00ba Campa\u00f1a en Ecuador 2020, bajo el lema \u201csaca al voluntario que llevas dentro\u201d. Los voluntarios que participar\u00e1n en dicha Campa\u00f1a tendr\u00e1n la oportunidad de conocerse y conocer a toda la plantilla en esta cena. [&hellip;]"}